{"id":72,"date":"2021-02-02T14:09:11","date_gmt":"2021-02-02T13:09:11","guid":{"rendered":"https:\/\/www.theatre-du-corps.com\/formation\/CFA2\/?page_id=72"},"modified":"2021-05-05T14:43:45","modified_gmt":"2021-05-05T12:43:45","slug":"partenaires","status":"publish","type":"page","link":"https:\/\/www.theatre-du-corps.com\/formation\/partenaires\/","title":{"rendered":"Partenaires"},"content":{"rendered":"<p>[et_pb_section fb_built=\u00a0\u00bb1&Prime; fullwidth=\u00a0\u00bbon\u00a0\u00bb admin_label=\u00a0\u00bbHero Section\u00a0\u00bb _builder_version=\u00a0\u00bb4.9.0&Prime; background_image=\u00a0\u00bbhttps:\/\/www.theatre-du-corps.com\/formation\/wp-content\/uploads\/2021\/02\/shadow-blue-1.jpg\u00a0\u00bb custom_padding=\u00a0\u00bb|||\u00a0\u00bb][et_pb_fullwidth_header logo_image_url=\u00a0\u00bbhttps:\/\/www.theatre-du-corps.com\/formation\/wp-content\/uploads\/2021\/03\/logo-cfa-front.png\u00a0\u00bb content_max_width=\u00a0\u00bb900px\u00a0\u00bb _builder_version=\u00a0\u00bb4.9.0&Prime; title_font=\u00a0\u00bbPoppins|600||on|||||\u00a0\u00bb title_text_color=\u00a0\u00bb#FFFFFF\u00a0\u00bb title_font_size=\u00a0\u00bb18px\u00a0\u00bb title_letter_spacing=\u00a0\u00bb4px\u00a0\u00bb title_line_height=\u00a0\u00bb1.8em\u00a0\u00bb content_font=\u00a0\u00bb||||||||\u00a0\u00bb subhead_font=\u00a0\u00bbRaleway|700|||||||\u00a0\u00bb subhead_text_color=\u00a0\u00bb#FF2B2B\u00a0\u00bb subhead_font_size=\u00a0\u00bb72px\u00a0\u00bb subhead_line_height=\u00a0\u00bb1.4em\u00a0\u00bb background_color=\u00a0\u00bbrgba(126,190,197,0)\u00a0\u00bb use_background_color_gradient=\u00a0\u00bbon\u00a0\u00bb background_color_gradient_start=\u00a0\u00bb#000dff\u00a0\u00bb background_color_gradient_end=\u00a0\u00bbrgba(0,13,255,0.35)\u00a0\u00bb background_color_gradient_direction=\u00a0\u00bb90deg\u00a0\u00bb background_color_gradient_start_position=\u00a0\u00bb25%\u00a0\u00bb background_color_gradient_end_position=\u00a0\u00bb75%\u00a0\u00bb background_color_gradient_overlays_image=\u00a0\u00bbon\u00a0\u00bb custom_button_one=\u00a0\u00bbon\u00a0\u00bb button_one_text_size=\u00a0\u00bb14px\u00a0\u00bb button_one_bg_color=\u00a0\u00bb#29cb8b\u00a0\u00bb button_one_border_width=\u00a0\u00bb12px\u00a0\u00bb button_one_border_color=\u00a0\u00bb#29cb8b\u00a0\u00bb button_one_letter_spacing=\u00a0\u00bb2px\u00a0\u00bb button_one_font=\u00a0\u00bbPoppins|600||on|||||\u00a0\u00bb button_one_icon=\u00a0\u00bb%%3%%\u00a0\u00bb custom_button_two=\u00a0\u00bbon\u00a0\u00bb button_two_text_size=\u00a0\u00bb14px\u00a0\u00bb button_two_text_color=\u00a0\u00bb#29cb8b\u00a0\u00bb button_two_bg_color=\u00a0\u00bb#ffffff\u00a0\u00bb button_two_border_width=\u00a0\u00bb12px\u00a0\u00bb button_two_border_color=\u00a0\u00bb#ffffff\u00a0\u00bb button_two_letter_spacing=\u00a0\u00bb2px\u00a0\u00bb button_two_font=\u00a0\u00bbPoppins|600||on|||||\u00a0\u00bb button_two_icon=\u00a0\u00bb%%3%%\u00a0\u00bb custom_margin=\u00a0\u00bb||||false|false\u00a0\u00bb custom_padding=\u00a0\u00bb10vw|19vw|28vw||false|false\u00a0\u00bb subhead_font_size_tablet=\u00a0\u00bb56px\u00a0\u00bb subhead_font_size_phone=\u00a0\u00bb36px\u00a0\u00bb subhead_font_size_last_edited=\u00a0\u00bbon|phone\u00a0\u00bb button_one_letter_spacing_hover=\u00a0\u00bb2px\u00a0\u00bb button_two_letter_spacing_hover=\u00a0\u00bb2px\u00a0\u00bb button_one_text_size__hover_enabled=\u00a0\u00bboff\u00a0\u00bb button_two_text_size__hover_enabled=\u00a0\u00bboff\u00a0\u00bb button_one_text_color__hover_enabled=\u00a0\u00bboff\u00a0\u00bb button_two_text_color__hover_enabled=\u00a0\u00bboff\u00a0\u00bb button_one_border_width__hover_enabled=\u00a0\u00bboff\u00a0\u00bb button_two_border_width__hover_enabled=\u00a0\u00bboff\u00a0\u00bb button_one_border_color__hover_enabled=\u00a0\u00bboff\u00a0\u00bb button_two_border_color__hover_enabled=\u00a0\u00bboff\u00a0\u00bb button_one_border_radius__hover_enabled=\u00a0\u00bboff\u00a0\u00bb button_two_border_radius__hover_enabled=\u00a0\u00bboff\u00a0\u00bb button_one_letter_spacing__hover_enabled=\u00a0\u00bbon\u00a0\u00bb button_one_letter_spacing__hover=\u00a0\u00bb2px\u00a0\u00bb button_two_letter_spacing__hover_enabled=\u00a0\u00bbon\u00a0\u00bb button_two_letter_spacing__hover=\u00a0\u00bb2px\u00a0\u00bb button_one_bg_color__hover_enabled=\u00a0\u00bboff\u00a0\u00bb button_two_bg_color__hover_enabled=\u00a0\u00bboff\u00a0\u00bb][\/et_pb_fullwidth_header][\/et_pb_section][et_pb_section fb_built=\u00a0\u00bb1&Prime; _builder_version=\u00a0\u00bb3.22&Prime; custom_margin=\u00a0\u00bb||50px||false\u00a0\u00bb custom_margin_tablet=\u00a0\u00bb\u00a0\u00bb custom_margin_phone=\u00a0\u00bb||0px|\u00a0\u00bb custom_margin_last_edited=\u00a0\u00bbon|phone\u00a0\u00bb custom_padding=\u00a0\u00bb0px||0||false|false\u00a0\u00bb][et_pb_row _builder_version=\u00a0\u00bb3.25&Prime; width=\u00a0\u00bb100%\u00a0\u00bb max_width=\u00a0\u00bb100%\u00a0\u00bb custom_margin=\u00a0\u00bb|||\u00a0\u00bb custom_padding=\u00a0\u00bb27px|0px|27px|0px|false|false\u00a0\u00bb use_custom_width=\u00a0\u00bbon\u00a0\u00bb width_unit=\u00a0\u00bboff\u00a0\u00bb custom_width_percent=\u00a0\u00bb100%\u00a0\u00bb][et_pb_column type=\u00a0\u00bb4_4&Prime; _builder_version=\u00a0\u00bb3.25&Prime; custom_padding=\u00a0\u00bb0px|||\u00a0\u00bb custom_padding__hover=\u00a0\u00bb|||\u00a0\u00bb][et_pb_text _builder_version=\u00a0\u00bb4.9.0&Prime; text_font=\u00a0\u00bbRaleway|800|||||||\u00a0\u00bb text_font_size=\u00a0\u00bb18vw\u00a0\u00bb text_line_height=\u00a0\u00bb0.8em\u00a0\u00bb header_font=\u00a0\u00bb||||||||\u00a0\u00bb background_layout=\u00a0\u00bbdark\u00a0\u00bb custom_margin=\u00a0\u00bb-16vw|||-2%|false|false\u00a0\u00bb custom_margin_tablet=\u00a0\u00bb-19vw|||\u00a0\u00bb custom_margin_phone=\u00a0\u00bb\u00a0\u00bb custom_margin_last_edited=\u00a0\u00bbon|tablet\u00a0\u00bb animation_style=\u00a0\u00bbslide\u00a0\u00bb animation_direction=\u00a0\u00bbbottom\u00a0\u00bb animation_intensity_slide=\u00a0\u00bb5%\u00a0\u00bb animation_starting_opacity=\u00a0\u00bb100%\u00a0\u00bb text_font_size_tablet=\u00a0\u00bb\u00a0\u00bb text_font_size_phone=\u00a0\u00bb\u00a0\u00bb text_font_size_last_edited=\u00a0\u00bbon|phone\u00a0\u00bb]<\/p>\n<p style=\"text-align: center;\">Partenaires<\/p>\n<p>[\/et_pb_text][\/et_pb_column][\/et_pb_row][\/et_pb_section][et_pb_section fb_built=\u00a0\u00bb1&Prime; custom_padding_last_edited=\u00a0\u00bboff|desktop\u00a0\u00bb admin_label=\u00a0\u00bbSimple Steps Section\u00a0\u00bb _builder_version=\u00a0\u00bb3.22&Prime; background_color=\u00a0\u00bb#edf1f4&Prime; max_width=\u00a0\u00bb96%\u00a0\u00bb module_alignment=\u00a0\u00bbright\u00a0\u00bb custom_margin=\u00a0\u00bb||100px|\u00a0\u00bb custom_padding=\u00a0\u00bb8vw||0||false|false\u00a0\u00bb custom_padding_tablet=\u00a0\u00bb||120px|\u00a0\u00bb][et_pb_row column_structure=\u00a0\u00bb2_3,1_3&Prime; _builder_version=\u00a0\u00bb4.8.2&Prime; custom_padding=\u00a0\u00bb|||\u00a0\u00bb locked=\u00a0\u00bboff\u00a0\u00bb][et_pb_column type=\u00a0\u00bb2_3&Prime; _builder_version=\u00a0\u00bb3.25&Prime; custom_padding=\u00a0\u00bb|||\u00a0\u00bb custom_padding__hover=\u00a0\u00bb|||\u00a0\u00bb][et_pb_text _builder_version=\u00a0\u00bb4.8.2&Prime; text_font=\u00a0\u00bb||||||||\u00a0\u00bb header_font=\u00a0\u00bb||||||||\u00a0\u00bb header_2_font=\u00a0\u00bbRaleway|700|||||||\u00a0\u00bb header_2_font_size=\u00a0\u00bb56px\u00a0\u00bb header_2_line_height=\u00a0\u00bb1.4em\u00a0\u00bb custom_margin=\u00a0\u00bb||20px|\u00a0\u00bb header_2_font_size_tablet=\u00a0\u00bb36px\u00a0\u00bb header_2_font_size_phone=\u00a0\u00bb\u00a0\u00bb header_2_font_size_last_edited=\u00a0\u00bbon|phone\u00a0\u00bb]<\/p>\n<h2><span style=\"color: #0d25df;\">Un r\u00e9seau de th\u00e9\u00e2tre et de lieux culturels<\/span><\/h2>\n<p>[\/et_pb_text][et_pb_divider color=\u00a0\u00bb#0D25DF\u00a0\u00bb divider_weight=\u00a0\u00bb3px\u00a0\u00bb _builder_version=\u00a0\u00bb4.8.2&Prime; max_width=\u00a0\u00bb50px\u00a0\u00bb][\/et_pb_divider][\/et_pb_column][et_pb_column type=\u00a0\u00bb1_3&Prime; _builder_version=\u00a0\u00bb3.25&Prime; custom_padding=\u00a0\u00bb|||\u00a0\u00bb custom_padding__hover=\u00a0\u00bb|||\u00a0\u00bb][\/et_pb_column][\/et_pb_row][et_pb_row _builder_version=\u00a0\u00bb4.8.2&Prime; _module_preset=\u00a0\u00bbdefault\u00a0\u00bb][et_pb_column type=\u00a0\u00bb4_4&Prime; _builder_version=\u00a0\u00bb4.8.2&Prime; _module_preset=\u00a0\u00bbdefault\u00a0\u00bb][et_pb_text _builder_version=\u00a0\u00bb4.8.2&Prime; text_font=\u00a0\u00bbPoppins||||||||\u00a0\u00bb text_font_size=\u00a0\u00bb16px\u00a0\u00bb text_line_height=\u00a0\u00bb1.8em\u00a0\u00bb]<\/p>\n<p style=\"text-align: justify;\">Le r\u00e9seau de th\u00e9\u00e2tres partenaires du CFA Pietragalla \u2013 Derouault permet aux apprentis de monter sur sc\u00e8ne, de rendre visible leur travail et de d\u00e9velopper des projets culturels en lien avec un territoire et sa population.<\/p>\n<p style=\"text-align: justify;\">D\u2019ores et d\u00e9j\u00e0 situ\u00e9s dans plusieurs r\u00e9gions en France, ces lieux \u00ab amis \u00bb offrent la possibilit\u00e9 de se produire sur diff\u00e9rents plateaux, d\u2019aborder des publics et des \u00ab missions \u00bb locales d\u00e9termin\u00e9s par chaque lieu.<\/p>\n<p style=\"text-align: justify;\">Le CFA Pietragalla \u2013 Derouault organisera des auditions dans chaque th\u00e9\u00e2tre et permettra aux jeunes danseurs r\u00e9gionaux de pouvoir \u00eatre s\u00e9lectionn\u00e9s pour int\u00e9grer la formation. Chaque lieu culturel associ\u00e9, chaque th\u00e9\u00e2tre d\u00e9termine son projet avec le CFA Pietragalla \u2013 Derouault. C\u2019est d\u2019ailleurs cette sp\u00e9cificit\u00e9, cette adaptation au tissu local (milieu urbain, quartier populaire, zone rurale, friche industrielle, lien avec les conservatoires, etc) qui enrichira le parcours des apprentis. Elle d\u00e9terminera \u00e9galement les n\u00e9cessit\u00e9s de cr\u00e9ation et d\u00e9veloppera leur aptitude \u00e0 rassembler toutes les contraintes pour concevoir des solutions artistiques coh\u00e9rentes.<\/p>\n<p>[\/et_pb_text][\/et_pb_column][\/et_pb_row][et_pb_row column_structure=\u00a0\u00bb1_4,1_4,1_4,1_4&Prime; _builder_version=\u00a0\u00bb4.8.2&Prime; _module_preset=\u00a0\u00bbdefault\u00a0\u00bb][et_pb_column type=\u00a0\u00bb1_4&Prime; _builder_version=\u00a0\u00bb4.8.2&Prime; _module_preset=\u00a0\u00bbdefault\u00a0\u00bb][et_pb_image src=\u00a0\u00bbhttps:\/\/www.theatre-du-corps.com\/formation\/wp-content\/uploads\/2021\/02\/POC.png\u00a0\u00bb title_text=\u00a0\u00bbPOC\u00a0\u00bb align_tablet=\u00a0\u00bbcenter\u00a0\u00bb align_phone=\u00a0\u00bb\u00a0\u00bb align_last_edited=\u00a0\u00bbon|desktop\u00a0\u00bb _builder_version=\u00a0\u00bb4.8.2&Prime;][\/et_pb_image][et_pb_text _builder_version=\u00a0\u00bb4.8.2&Prime; _module_preset=\u00a0\u00bbdefault\u00a0\u00bb text_text_color=\u00a0\u00bb#0D25DF\u00a0\u00bb text_font_size=\u00a0\u00bb30px\u00a0\u00bb text_orientation=\u00a0\u00bbcenter\u00a0\u00bb]<\/p>\n<p><strong>Alfortville<\/strong><\/p>\n<p>[\/et_pb_text][\/et_pb_column][et_pb_column type=\u00a0\u00bb1_4&Prime; _builder_version=\u00a0\u00bb4.8.2&Prime; _module_preset=\u00a0\u00bbdefault\u00a0\u00bb][et_pb_image src=\u00a0\u00bbhttps:\/\/www.theatre-du-corps.com\/formation\/wp-content\/uploads\/2021\/02\/Theatre-Armande-Bejart.jpg\u00a0\u00bb title_text=\u00a0\u00bbTh\u00e9\u00e2tre-Armande-B\u00e9jart\u00a0\u00bb align_tablet=\u00a0\u00bbcenter\u00a0\u00bb align_phone=\u00a0\u00bb\u00a0\u00bb align_last_edited=\u00a0\u00bbon|desktop\u00a0\u00bb _builder_version=\u00a0\u00bb4.8.2&Prime;][\/et_pb_image][et_pb_text _builder_version=\u00a0\u00bb4.9.0&Prime; _module_preset=\u00a0\u00bbdefault\u00a0\u00bb text_text_color=\u00a0\u00bb#0D25DF\u00a0\u00bb text_font_size=\u00a0\u00bb30px\u00a0\u00bb text_orientation=\u00a0\u00bbcenter\u00a0\u00bb]<\/p>\n<p><strong>Asni\u00e8re sur Seine<\/strong><\/p>\n<p>[\/et_pb_text][\/et_pb_column][et_pb_column type=\u00a0\u00bb1_4&Prime; _builder_version=\u00a0\u00bb4.8.2&Prime; _module_preset=\u00a0\u00bbdefault\u00a0\u00bb][et_pb_image src=\u00a0\u00bbhttps:\/\/www.theatre-du-corps.com\/formation\/wp-content\/uploads\/2021\/02\/carmen-20190719152442.jpg\u00a0\u00bb title_text=\u00a0\u00bbcarmen-20190719152442&Prime; align_tablet=\u00a0\u00bbcenter\u00a0\u00bb align_phone=\u00a0\u00bb\u00a0\u00bb align_last_edited=\u00a0\u00bbon|desktop\u00a0\u00bb _builder_version=\u00a0\u00bb4.8.2&Prime; border_width_all=\u00a0\u00bb10px\u00a0\u00bb border_color_all=\u00a0\u00bb#FFFFFF\u00a0\u00bb][\/et_pb_image][et_pb_text _builder_version=\u00a0\u00bb4.8.2&Prime; _module_preset=\u00a0\u00bbdefault\u00a0\u00bb text_text_color=\u00a0\u00bb#0D25DF\u00a0\u00bb text_font_size=\u00a0\u00bb30px\u00a0\u00bb text_orientation=\u00a0\u00bbcenter\u00a0\u00bb]<\/p>\n<p><strong>Marseille<\/strong><\/p>\n<p>[\/et_pb_text][\/et_pb_column][et_pb_column type=\u00a0\u00bb1_4&Prime; _builder_version=\u00a0\u00bb4.8.2&Prime; _module_preset=\u00a0\u00bbdefault\u00a0\u00bb][et_pb_image src=\u00a0\u00bbhttps:\/\/www.theatre-du-corps.com\/formation\/wp-content\/uploads\/2021\/02\/logo-beaulieu-FINALE.jpg\u00a0\u00bb title_text=\u00a0\u00bblogo beaulieu FINALE\u00a0\u00bb align_tablet=\u00a0\u00bbcenter\u00a0\u00bb align_phone=\u00a0\u00bb\u00a0\u00bb align_last_edited=\u00a0\u00bbon|desktop\u00a0\u00bb _builder_version=\u00a0\u00bb4.8.2&Prime;][\/et_pb_image][et_pb_text _builder_version=\u00a0\u00bb4.8.2&Prime; _module_preset=\u00a0\u00bbdefault\u00a0\u00bb text_font=\u00a0\u00bb||||||||\u00a0\u00bb text_text_color=\u00a0\u00bb#0D25DF\u00a0\u00bb text_font_size=\u00a0\u00bb30px\u00a0\u00bb text_orientation=\u00a0\u00bbcenter\u00a0\u00bb]<\/p>\n<p><strong>Lomme<\/strong><\/p>\n<p>[\/et_pb_text][\/et_pb_column][\/et_pb_row][et_pb_row _builder_version=\u00a0\u00bb4.8.2&Prime; _module_preset=\u00a0\u00bbdefault\u00a0\u00bb][et_pb_column type=\u00a0\u00bb4_4&Prime; _builder_version=\u00a0\u00bb4.8.2&Prime; _module_preset=\u00a0\u00bbdefault\u00a0\u00bb][\/et_pb_column][\/et_pb_row][et_pb_row column_structure=\u00a0\u00bb1_4,1_4,1_4,1_4&Prime; admin_label=\u00a0\u00bbCompany Logo\u00a0\u00bb _builder_version=\u00a0\u00bb3.25&Prime; custom_margin=\u00a0\u00bb|||\u00a0\u00bb][et_pb_column type=\u00a0\u00bb1_4&Prime; _builder_version=\u00a0\u00bb3.25&Prime; custom_padding=\u00a0\u00bb|||\u00a0\u00bb custom_padding__hover=\u00a0\u00bb|||\u00a0\u00bb][et_pb_image src=\u00a0\u00bbhttps:\/\/www.theatre-du-corps.com\/formation\/wp-content\/uploads\/2021\/02\/logo.jpg\u00a0\u00bb title_text=\u00a0\u00bblogo\u00a0\u00bb align_tablet=\u00a0\u00bbcenter\u00a0\u00bb align_phone=\u00a0\u00bb\u00a0\u00bb align_last_edited=\u00a0\u00bbon|desktop\u00a0\u00bb _builder_version=\u00a0\u00bb4.8.2&Prime; border_width_all=\u00a0\u00bb35px\u00a0\u00bb border_color_all=\u00a0\u00bb#FFFFFF\u00a0\u00bb][\/et_pb_image][et_pb_text _builder_version=\u00a0\u00bb4.9.0&Prime; _module_preset=\u00a0\u00bbdefault\u00a0\u00bb text_text_color=\u00a0\u00bb#0D25DF\u00a0\u00bb text_font_size=\u00a0\u00bb30px\u00a0\u00bb text_orientation=\u00a0\u00bbcenter\u00a0\u00bb]<\/p>\n<p><strong>Saint-Germains-en-Laye<\/strong><\/p>\n<p>[\/et_pb_text][\/et_pb_column][et_pb_column type=\u00a0\u00bb1_4&Prime; _builder_version=\u00a0\u00bb3.25&Prime; custom_padding=\u00a0\u00bb|||\u00a0\u00bb custom_padding__hover=\u00a0\u00bb|||\u00a0\u00bb][et_pb_image src=\u00a0\u00bbhttps:\/\/www.theatre-du-corps.com\/formation\/wp-content\/uploads\/2021\/02\/logo-passerelle.png\u00a0\u00bb title_text=\u00a0\u00bblogo-passerelle\u00a0\u00bb align_tablet=\u00a0\u00bbcenter\u00a0\u00bb align_phone=\u00a0\u00bb\u00a0\u00bb align_last_edited=\u00a0\u00bbon|desktop\u00a0\u00bb _builder_version=\u00a0\u00bb4.8.2&Prime;][\/et_pb_image][et_pb_text _builder_version=\u00a0\u00bb4.8.2&Prime; _module_preset=\u00a0\u00bbdefault\u00a0\u00bb text_text_color=\u00a0\u00bb#0D25DF\u00a0\u00bb text_font_size=\u00a0\u00bb30px\u00a0\u00bb text_orientation=\u00a0\u00bbcenter\u00a0\u00bb]<\/p>\n<p><strong>Florange<\/strong><\/p>\n<p>[\/et_pb_text][\/et_pb_column][et_pb_column type=\u00a0\u00bb1_4&Prime; _builder_version=\u00a0\u00bb3.25&Prime; custom_padding=\u00a0\u00bb|||\u00a0\u00bb custom_padding__hover=\u00a0\u00bb|||\u00a0\u00bb][et_pb_image src=\u00a0\u00bbhttps:\/\/www.theatre-du-corps.com\/formation\/wp-content\/uploads\/2021\/02\/yvesfuret_09.jpg\u00a0\u00bb title_text=\u00a0\u00bbyvesfuret_09&Prime; align_tablet=\u00a0\u00bbcenter\u00a0\u00bb align_phone=\u00a0\u00bb\u00a0\u00bb align_last_edited=\u00a0\u00bbon|desktop\u00a0\u00bb _builder_version=\u00a0\u00bb4.8.2&Prime; border_width_all=\u00a0\u00bb11px\u00a0\u00bb border_color_all=\u00a0\u00bb#FFFFFF\u00a0\u00bb][\/et_pb_image][et_pb_text _builder_version=\u00a0\u00bb4.8.2&Prime; _module_preset=\u00a0\u00bbdefault\u00a0\u00bb text_text_color=\u00a0\u00bb#0D25DF\u00a0\u00bb text_font_size=\u00a0\u00bb30px\u00a0\u00bb text_orientation=\u00a0\u00bbcenter\u00a0\u00bb]<\/p>\n<p><strong>La Souterraine<\/strong><\/p>\n<p>[\/et_pb_text][\/et_pb_column][et_pb_column type=\u00a0\u00bb1_4&Prime; _builder_version=\u00a0\u00bb3.25&Prime; custom_padding=\u00a0\u00bb|||\u00a0\u00bb custom_padding__hover=\u00a0\u00bb|||\u00a0\u00bb][et_pb_image src=\u00a0\u00bbhttps:\/\/www.theatre-du-corps.com\/formation\/wp-content\/uploads\/2021\/02\/61285525_2183866275064907_8751999870040014848_o.jpg\u00a0\u00bb title_text=\u00a0\u00bb61285525_2183866275064907_8751999870040014848_o\u00a0\u00bb align_tablet=\u00a0\u00bbcenter\u00a0\u00bb align_phone=\u00a0\u00bb\u00a0\u00bb align_last_edited=\u00a0\u00bbon|desktop\u00a0\u00bb _builder_version=\u00a0\u00bb4.8.2&Prime;][\/et_pb_image][et_pb_text _builder_version=\u00a0\u00bb4.8.2&Prime; _module_preset=\u00a0\u00bbdefault\u00a0\u00bb text_text_color=\u00a0\u00bb#0D25DF\u00a0\u00bb text_font_size=\u00a0\u00bb30px\u00a0\u00bb text_orientation=\u00a0\u00bbcenter\u00a0\u00bb]<\/p>\n<p><strong>Arcachon<\/strong><\/p>\n<p>[\/et_pb_text][\/et_pb_column][\/et_pb_row][et_pb_row _builder_version=\u00a0\u00bb3.25&Prime; width=\u00a0\u00bb100%\u00a0\u00bb max_width=\u00a0\u00bb100%\u00a0\u00bb custom_margin=\u00a0\u00bb5%|||\u00a0\u00bb custom_padding=\u00a0\u00bb0|0px||0px|false|false\u00a0\u00bb use_custom_width=\u00a0\u00bbon\u00a0\u00bb width_unit=\u00a0\u00bboff\u00a0\u00bb custom_width_percent=\u00a0\u00bb100%\u00a0\u00bb][et_pb_column type=\u00a0\u00bb4_4&Prime; _builder_version=\u00a0\u00bb3.25&Prime; custom_padding=\u00a0\u00bb|||\u00a0\u00bb custom_padding__hover=\u00a0\u00bb|||\u00a0\u00bb][\/et_pb_column][\/et_pb_row][\/et_pb_section][et_pb_section fb_built=\u00a0\u00bb1&Prime; _builder_version=\u00a0\u00bb4.8.2&Prime; _module_preset=\u00a0\u00bbdefault\u00a0\u00bb][et_pb_row column_structure=\u00a0\u00bb2_3,1_3&Prime; _builder_version=\u00a0\u00bb4.8.2&Prime; custom_padding=\u00a0\u00bb|||\u00a0\u00bb locked=\u00a0\u00bboff\u00a0\u00bb][et_pb_column type=\u00a0\u00bb2_3&Prime; _builder_version=\u00a0\u00bb3.25&Prime; custom_padding=\u00a0\u00bb|||\u00a0\u00bb custom_padding__hover=\u00a0\u00bb|||\u00a0\u00bb][et_pb_text _builder_version=\u00a0\u00bb4.8.2&Prime; text_font=\u00a0\u00bb||||||||\u00a0\u00bb header_font=\u00a0\u00bb||||||||\u00a0\u00bb header_2_font=\u00a0\u00bbRaleway|700|||||||\u00a0\u00bb header_2_font_size=\u00a0\u00bb56px\u00a0\u00bb header_2_line_height=\u00a0\u00bb1.4em\u00a0\u00bb custom_margin=\u00a0\u00bb||20px|\u00a0\u00bb header_2_font_size_tablet=\u00a0\u00bb36px\u00a0\u00bb header_2_font_size_phone=\u00a0\u00bb\u00a0\u00bb header_2_font_size_last_edited=\u00a0\u00bbon|phone\u00a0\u00bb]<\/p>\n<h2><span style=\"color: #0d25df;\">Partenaires publics<\/span><\/h2>\n<p>[\/et_pb_text][et_pb_divider color=\u00a0\u00bb#0D25DF\u00a0\u00bb divider_weight=\u00a0\u00bb3px\u00a0\u00bb _builder_version=\u00a0\u00bb4.8.2&Prime; max_width=\u00a0\u00bb50px\u00a0\u00bb][\/et_pb_divider][\/et_pb_column][et_pb_column type=\u00a0\u00bb1_3&Prime; _builder_version=\u00a0\u00bb3.25&Prime; custom_padding=\u00a0\u00bb|||\u00a0\u00bb custom_padding__hover=\u00a0\u00bb|||\u00a0\u00bb][\/et_pb_column][\/et_pb_row][et_pb_row _builder_version=\u00a0\u00bb4.8.2&Prime; _module_preset=\u00a0\u00bbdefault\u00a0\u00bb][et_pb_column type=\u00a0\u00bb4_4&Prime; _builder_version=\u00a0\u00bb4.8.2&Prime; _module_preset=\u00a0\u00bbdefault\u00a0\u00bb][et_pb_text _builder_version=\u00a0\u00bb4.8.2&Prime; text_font=\u00a0\u00bbPoppins||||||||\u00a0\u00bb text_font_size=\u00a0\u00bb16px\u00a0\u00bb text_line_height=\u00a0\u00bb1.8em\u00a0\u00bb]<\/p>\n<p style=\"text-align: justify;\">Le CFA Pietragalla \u2013 Derouault souhaite s\u2019entourer de plusieurs partenaires publics dans une logique \u00e9conomique viable en tant qu\u2019employeur principal des apprentis du CFA Pietragalla Derouault, mais \u00e9galement pour permettre d\u2019embl\u00e9e un rayonnement de l\u2019activit\u00e9 dans diff\u00e9rentes municipalit\u00e9s et diff\u00e9rents territoires (\u00e0 l\u2019\u00e9chelle du d\u00e9partement ou de la r\u00e9gion).<\/p>\n<p style=\"text-align: justify;\">L\u2019id\u00e9e premi\u00e8re de cette formation \u00e9tant de confronter les apprentis aux r\u00e9alit\u00e9s du m\u00e9tier d\u2019artiste, l\u2019itin\u00e9rance est un des fondements du CFA Pietragalla \u2013 Derouault. Faire circuler les propositions artistiques qui vont na\u00eetre de ce cursus innovant, confronter la recherche artistique dans ses repr\u00e9sentations pratiques et faire sens ; tout cela participe \u00e0 faire \u00e9merger une place nouvelle pour ces jeunes artistes au sein de la population.<\/p>\n<p>[\/et_pb_text][\/et_pb_column][\/et_pb_row][et_pb_row _builder_version=\u00a0\u00bb4.8.2&Prime; _module_preset=\u00a0\u00bbdefault\u00a0\u00bb][et_pb_column type=\u00a0\u00bb4_4&Prime; _builder_version=\u00a0\u00bb4.8.2&Prime; _module_preset=\u00a0\u00bbdefault\u00a0\u00bb][\/et_pb_column][\/et_pb_row][\/et_pb_section][et_pb_section fb_built=\u00a0\u00bb1&Prime; admin_label=\u00a0\u00bbReviews\u00a0\u00bb _builder_version=\u00a0\u00bb3.22&Prime; background_color=\u00a0\u00bb#000dff\u00a0\u00bb max_width=\u00a0\u00bb96%\u00a0\u00bb custom_margin=\u00a0\u00bb||100px|\u00a0\u00bb custom_padding=\u00a0\u00bb||0||false|false\u00a0\u00bb][et_pb_row column_structure=\u00a0\u00bb1_4,3_4&Prime; _builder_version=\u00a0\u00bb4.8.2&Prime; _module_preset=\u00a0\u00bbdefault\u00a0\u00bb][et_pb_column type=\u00a0\u00bb1_4&Prime; _builder_version=\u00a0\u00bb4.8.2&Prime; _module_preset=\u00a0\u00bbdefault\u00a0\u00bb][et_pb_image src=\u00a0\u00bbhttps:\/\/www.theatre-du-corps.com\/formation\/wp-content\/uploads\/2021\/02\/1200px-Logo_Alfortville.svg_.png\u00a0\u00bb title_text=\u00a0\u00bb1200px-Logo_Alfortville.svg\u00a0\u00bb _builder_version=\u00a0\u00bb4.8.2&Prime; _module_preset=\u00a0\u00bbdefault\u00a0\u00bb background_color=\u00a0\u00bb#FFFFFF\u00a0\u00bb border_width_all=\u00a0\u00bb10px\u00a0\u00bb border_color_all=\u00a0\u00bb#FFFFFF\u00a0\u00bb][\/et_pb_image][\/et_pb_column][et_pb_column type=\u00a0\u00bb3_4&Prime; _builder_version=\u00a0\u00bb4.8.2&Prime; _module_preset=\u00a0\u00bbdefault\u00a0\u00bb][et_pb_text _builder_version=\u00a0\u00bb4.8.2&Prime; _module_preset=\u00a0\u00bbdefault\u00a0\u00bb text_font_size=\u00a0\u00bb20px\u00a0\u00bb]<\/p>\n<p><strong><span style=\"color: #ffffff;\">VILLE D&rsquo;ALFORTVILLE<\/span><\/strong><\/p>\n<p>[\/et_pb_text][et_pb_text _builder_version=\u00a0\u00bb4.8.2&Prime; _module_preset=\u00a0\u00bbdefault\u00a0\u00bb text_font=\u00a0\u00bbPoppins||||||||\u00a0\u00bb text_text_color=\u00a0\u00bb#FFFFFF\u00a0\u00bb text_font_size=\u00a0\u00bb16px\u00a0\u00bb]<\/p>\n<div>\n<p><strong>UN ANCRAGE LOCAL<\/strong><\/p>\n<p style=\"text-align: justify;\">La compagnie du The\u0301a\u0302tre du Corps Pietragalla \u2013 Derouault est base\u0301e dans la ville d\u2019Alfortville (94 \u2013 Val de Marne) depuis 2014 et est aide\u0301e pour son fonctionnement par la municipalite\u0301 et de\u0301veloppe des actions de sensibilisation dans les e\u0301coles primaires.<\/p>\n<p style=\"text-align: justify;\">Marie-Claude Pietragalla et Julien Derouault sont artistes associe\u0301s au Po\u0302le Culturel d\u2019Alfortville (POC) depuis 2019 et pre\u0301sentent leur travail re\u0301gulie\u0300rement.\u00a0La cre\u0301ation de cette formation d\u2019excellence professionnelle permettra de renforcer l\u2019implantation du TDC et d\u2019accroi\u0302tre sa diffusion dans divers lieux culturels de la ville.<\/p>\n<\/div>\n<p>[\/et_pb_text][\/et_pb_column][\/et_pb_row][et_pb_row column_structure=\u00a0\u00bb1_4,3_4&Prime; _builder_version=\u00a0\u00bb4.8.2&Prime; _module_preset=\u00a0\u00bbdefault\u00a0\u00bb][et_pb_column type=\u00a0\u00bb1_4&Prime; _builder_version=\u00a0\u00bb4.8.2&Prime; _module_preset=\u00a0\u00bbdefault\u00a0\u00bb][\/et_pb_column][et_pb_column type=\u00a0\u00bb3_4&Prime; _builder_version=\u00a0\u00bb4.8.2&Prime; _module_preset=\u00a0\u00bbdefault\u00a0\u00bb][\/et_pb_column][\/et_pb_row][\/et_pb_section][et_pb_section fb_built=\u00a0\u00bb1&Prime; admin_label=\u00a0\u00bbReviews\u00a0\u00bb _builder_version=\u00a0\u00bb3.22&Prime; background_color=\u00a0\u00bb#000dff\u00a0\u00bb max_width=\u00a0\u00bb96%\u00a0\u00bb custom_margin=\u00a0\u00bb||100px|\u00a0\u00bb custom_padding=\u00a0\u00bb||0||false|false\u00a0\u00bb][et_pb_row column_structure=\u00a0\u00bb1_4,3_4&Prime; _builder_version=\u00a0\u00bb4.8.2&Prime; _module_preset=\u00a0\u00bbdefault\u00a0\u00bb][et_pb_column type=\u00a0\u00bb1_4&Prime; _builder_version=\u00a0\u00bb4.8.2&Prime; _module_preset=\u00a0\u00bbdefault\u00a0\u00bb][et_pb_image src=\u00a0\u00bbhttps:\/\/www.theatre-du-corps.com\/formation\/wp-content\/uploads\/2021\/02\/800px-Blason_ville_fr_Asnieres-sur-Seine_Hauts-de-Seine.svg_.png\u00a0\u00bb title_text=\u00a0\u00bb800px-Blason_ville_fr_Asni\u00e8res-sur-Seine_(Hauts-de-Seine).svg\u00a0\u00bb _builder_version=\u00a0\u00bb4.8.2&Prime; _module_preset=\u00a0\u00bbdefault\u00a0\u00bb background_color=\u00a0\u00bb#FFFFFF\u00a0\u00bb border_width_all=\u00a0\u00bb20px\u00a0\u00bb border_color_all=\u00a0\u00bbRGBA(0,0,0,0)\u00a0\u00bb][\/et_pb_image][\/et_pb_column][et_pb_column type=\u00a0\u00bb3_4&Prime; _builder_version=\u00a0\u00bb4.8.2&Prime; _module_preset=\u00a0\u00bbdefault\u00a0\u00bb][et_pb_text _builder_version=\u00a0\u00bb4.8.2&Prime; _module_preset=\u00a0\u00bbdefault\u00a0\u00bb text_font=\u00a0\u00bb||||||||\u00a0\u00bb text_font_size=\u00a0\u00bb20px\u00a0\u00bb]<\/p>\n<p><strong><span style=\"color: #ffffff;\">LA VILLE D\u2019ASNIE\u0300RES-SUR-SEINE<\/span><\/strong><\/p>\n<p>[\/et_pb_text][et_pb_text _builder_version=\u00a0\u00bb4.8.2&Prime; _module_preset=\u00a0\u00bbdefault\u00a0\u00bb text_font=\u00a0\u00bbPoppins||||||||\u00a0\u00bb text_text_color=\u00a0\u00bb#FFFFFF\u00a0\u00bb text_font_size=\u00a0\u00bb16px\u00a0\u00bb]<\/p>\n<p>La ville d\u2019Asnie\u0300res-sur-Seine souhaite de son co\u0302te\u0301 construire un partenariat avec le The\u0301a\u0302tre du Corps via un projet de re\u0301habilitation de son conservatoire et de son the\u0301a\u0302tre.<\/p>\n<p>Inscrire le Jeune The\u0301a\u0302tre du Corps dans ce processus afin de rendre visible et concre\u0300te la formation professionnelle pour ses jeunes e\u0301le\u0300ves, permettre la diffusion d\u2019\u0153uvres sur son territoire et cre\u0301er un lien entre les artistes et la population.<\/p>\n<p>[\/et_pb_text][\/et_pb_column][\/et_pb_row][et_pb_row _builder_version=\u00a0\u00bb4.8.2&Prime; _module_preset=\u00a0\u00bbdefault\u00a0\u00bb][et_pb_column type=\u00a0\u00bb4_4&Prime; _builder_version=\u00a0\u00bb4.8.2&Prime; _module_preset=\u00a0\u00bbdefault\u00a0\u00bb][\/et_pb_column][\/et_pb_row][\/et_pb_section][et_pb_section fb_built=\u00a0\u00bb1&Prime; custom_padding_last_edited=\u00a0\u00bboff|desktop\u00a0\u00bb admin_label=\u00a0\u00bbWhy Choose Us Section\u00a0\u00bb _builder_version=\u00a0\u00bb3.22&Prime; max_width=\u00a0\u00bb96%\u00a0\u00bb module_alignment=\u00a0\u00bbright\u00a0\u00bb custom_padding=\u00a0\u00bb0|0px|80px|0px|false|false\u00a0\u00bb custom_padding_tablet=\u00a0\u00bb||220px|\u00a0\u00bb custom_padding_phone=\u00a0\u00bb||120px|\u00a0\u00bb][et_pb_row column_structure=\u00a0\u00bb2_3,1_3&Prime; _builder_version=\u00a0\u00bb4.8.2&Prime; custom_padding=\u00a0\u00bb|||\u00a0\u00bb locked=\u00a0\u00bboff\u00a0\u00bb][et_pb_column type=\u00a0\u00bb2_3&Prime; _builder_version=\u00a0\u00bb3.25&Prime; custom_padding=\u00a0\u00bb|||\u00a0\u00bb custom_padding__hover=\u00a0\u00bb|||\u00a0\u00bb][et_pb_text _builder_version=\u00a0\u00bb4.8.2&Prime; text_font=\u00a0\u00bbPoppins||||||||\u00a0\u00bb text_font_size=\u00a0\u00bb52px\u00a0\u00bb text_line_height=\u00a0\u00bb1.6em\u00a0\u00bb header_font=\u00a0\u00bb||||||||\u00a0\u00bb header_2_font=\u00a0\u00bbRaleway|700|||||||\u00a0\u00bb header_2_font_size=\u00a0\u00bb56px\u00a0\u00bb header_2_line_height=\u00a0\u00bb1.4em\u00a0\u00bb custom_margin=\u00a0\u00bb||20px|\u00a0\u00bb text_font_tablet=\u00a0\u00bb\u00a0\u00bb text_font_phone=\u00a0\u00bb\u00a0\u00bb text_font_last_edited=\u00a0\u00bbon|desktop\u00a0\u00bb text_font_size_tablet=\u00a0\u00bb\u00a0\u00bb text_font_size_phone=\u00a0\u00bb35px\u00a0\u00bb text_font_size_last_edited=\u00a0\u00bbon|desktop\u00a0\u00bb header_2_font_size_tablet=\u00a0\u00bb36px\u00a0\u00bb header_2_font_size_phone=\u00a0\u00bb\u00a0\u00bb header_2_font_size_last_edited=\u00a0\u00bbon|phone\u00a0\u00bb]<\/p>\n<p><span style=\"color: #0d25df;\">Partenaires institutionnels<\/span><\/p>\n<p>[\/et_pb_text][et_pb_divider color=\u00a0\u00bb#0D25DF\u00a0\u00bb divider_weight=\u00a0\u00bb3px\u00a0\u00bb _builder_version=\u00a0\u00bb4.8.2&Prime; max_width=\u00a0\u00bb50px\u00a0\u00bb][\/et_pb_divider][\/et_pb_column][et_pb_column type=\u00a0\u00bb1_3&Prime; _builder_version=\u00a0\u00bb3.25&Prime; custom_padding=\u00a0\u00bb|||\u00a0\u00bb custom_padding__hover=\u00a0\u00bb|||\u00a0\u00bb][\/et_pb_column][\/et_pb_row][et_pb_row _builder_version=\u00a0\u00bb4.8.2&Prime; _module_preset=\u00a0\u00bbdefault\u00a0\u00bb][et_pb_column type=\u00a0\u00bb4_4&Prime; _builder_version=\u00a0\u00bb4.8.2&Prime; _module_preset=\u00a0\u00bbdefault\u00a0\u00bb][\/et_pb_column][\/et_pb_row][et_pb_row column_structure=\u00a0\u00bb3_5,2_5&Prime; _builder_version=\u00a0\u00bb4.8.2&Prime; _module_preset=\u00a0\u00bbdefault\u00a0\u00bb][et_pb_column type=\u00a0\u00bb3_5&Prime; _builder_version=\u00a0\u00bb4.8.2&Prime; _module_preset=\u00a0\u00bbdefault\u00a0\u00bb][et_pb_text _builder_version=\u00a0\u00bb4.9.3&Prime; _module_preset=\u00a0\u00bbdefault\u00a0\u00bb text_text_color=\u00a0\u00bb#FF2B2B\u00a0\u00bb text_font_size=\u00a0\u00bb24px\u00a0\u00bb module_alignment=\u00a0\u00bbleft\u00a0\u00bb]<\/p>\n<p><strong>Organisation Mondiale des Arts de la Sc\u00e8ne &#8211; ITI \/ UNESCO<\/strong><\/p>\n<p>[\/et_pb_text][et_pb_text _builder_version=\u00a0\u00bb4.9.3&Prime; _module_preset=\u00a0\u00bbdefault\u00a0\u00bb text_font_size=\u00a0\u00bb16px\u00a0\u00bb]<\/p>\n<p style=\"text-align: justify;\">En partenariat avec le Centre fran\u00e7ais ITI \/ UNESCO, les e\u0301le\u0300ves de 2e anne\u0301e pourront de\u0301velopper des liens a\u0300 l\u2019international afin de travailler avec des artistes e\u0301trangers, pre\u0301senter des spectacles et s\u2019ouvrir a\u0300 d\u2019autres univers artistiques. L\u2019Institut International du The\u0301a\u0302tre (ITI) est aujourd\u2019hui conside\u0301re\u0301 comme la plus grande organisation mondiale pour les arts de la sce\u0300ne place\u0301e sous l\u2019e\u0301gide de l\u2019UNESCO depuis 1948.<\/p>\n<p style=\"text-align: justify;\">La mission du Centre fran\u00e7ais ITI \/ UNESCO est de de\u0301velopper les coope\u0301rations cre\u0301atives entre les professionnels des arts vivants, en partageant la longue tradition de collaboration entre l\u2019Institut de The\u0301a\u0302tre International et l\u2019UNESCO. Elle consiste aussi et surtout a\u0300 suivre les inspirations d\u2019une organisation mondiale qui travaille activement a\u0300 transmettre des valeurs artistiques au public.<\/p>\n<p style=\"text-align: justify;\">L\u2019institut International de The\u0301a\u0302tre ITI, est une organisation d\u2019adhe\u0301sion qui fonctionne en re\u0301seau compose\u0301 de Centres dans plus de 98 pays. Les Centres promeuvent les formations sup\u00e9rieures des arts du spectacle dans leurs pays respectifs par la recherche, la diffusion d\u2019informations, de confe\u0301rences, de festivals, de concours, de vitrines des meilleures performances du pays, sur un ou deux ans, d\u2019ateliers, de publications et d\u2019autres moyens, et facilitent les e\u0301changes culturels internationaux.<\/p>\n<p>[\/et_pb_text][\/et_pb_column][et_pb_column type=\u00a0\u00bb2_5&Prime; _builder_version=\u00a0\u00bb4.8.2&Prime; _module_preset=\u00a0\u00bbdefault\u00a0\u00bb][et_pb_image src=\u00a0\u00bbhttps:\/\/www.theatre-du-corps.com\/formation\/wp-content\/uploads\/2021\/04\/Institut.png\u00a0\u00bb title_text=\u00a0\u00bbInstitut\u00a0\u00bb _builder_version=\u00a0\u00bb4.9.3&Prime; _module_preset=\u00a0\u00bbdefault\u00a0\u00bb][\/et_pb_image][\/et_pb_column][\/et_pb_row][et_pb_row _builder_version=\u00a0\u00bb4.8.2&Prime; _module_preset=\u00a0\u00bbdefault\u00a0\u00bb][et_pb_column type=\u00a0\u00bb4_4&Prime; _builder_version=\u00a0\u00bb4.8.2&Prime; _module_preset=\u00a0\u00bbdefault\u00a0\u00bb][\/et_pb_column][\/et_pb_row][et_pb_row column_structure=\u00a0\u00bb3_5,2_5&Prime; _builder_version=\u00a0\u00bb4.8.2&Prime; _module_preset=\u00a0\u00bbdefault\u00a0\u00bb][et_pb_column type=\u00a0\u00bb3_5&Prime; _builder_version=\u00a0\u00bb4.8.2&Prime; _module_preset=\u00a0\u00bbdefault\u00a0\u00bb][et_pb_text _builder_version=\u00a0\u00bb4.8.2&Prime; _module_preset=\u00a0\u00bbdefault\u00a0\u00bb text_text_color=\u00a0\u00bb#FF2B2B\u00a0\u00bb text_font_size=\u00a0\u00bb24px\u00a0\u00bb module_alignment=\u00a0\u00bbleft\u00a0\u00bb]<\/p>\n<p><strong>LES JEUNESSES MUSICALES DE FRANCE<\/strong><\/p>\n<p>[\/et_pb_text][et_pb_text _builder_version=\u00a0\u00bb4.8.2&Prime; _module_preset=\u00a0\u00bbdefault\u00a0\u00bb text_font_size=\u00a0\u00bb16px\u00a0\u00bb]<\/p>\n<p style=\"text-align: justify;\">A travers le partenariat entre les JM France et le TDC, les apprentis acce\u0300dent a\u0300 une diffusion effective des spectacles et une re\u0301elle mise en situation professionnelle.<\/p>\n<p style=\"text-align: justify;\">Les JM France ce sont pre\u0300s de 2 000 spectacles, ateliers et e\u0301ve\u0300nements par an, principalement sur le temps scolaire. Avec plus de 150 artistes professionnels sur tout le territoire et un accompagnement pe\u0301dagogique adapte\u0301.<\/p>\n<p style=\"text-align: justify;\">Les JM France regroupent 270 implantations locales JM France, 400 salles, 80 partenaires culturels conventionne\u0301s, 30 conventions de\u0301partementales \u00ab E\u0301le\u0300ves au concert \u00bb.\u00a0En 2014, La danse revient aux JM France avec le The\u0301a\u0302tre du Corps Pietragalla \u2013 Derouault et sa cre\u0301ation \u00ab Les Chaises ? \u00bb pre\u0301sente\u0301e sur plus de 100 spectacles.\u00a0A travers le partenariat entre les JM France et le The\u0301a\u0302tre du Corps, les apprentis acce\u0300dent a\u0300 une diffusion effective des spectacles et une re\u0301elle mise en situation professionnelle.<\/p>\n<p>[\/et_pb_text][\/et_pb_column][et_pb_column type=\u00a0\u00bb2_5&Prime; _builder_version=\u00a0\u00bb4.8.2&Prime; _module_preset=\u00a0\u00bbdefault\u00a0\u00bb][et_pb_image src=\u00a0\u00bbhttps:\/\/www.theatre-du-corps.com\/formation\/wp-content\/uploads\/2021\/02\/Jmi_logo_1024x768.png\u00a0\u00bb title_text=\u00a0\u00bbJmi_logo_1024x768&Prime; _builder_version=\u00a0\u00bb4.8.2&Prime; _module_preset=\u00a0\u00bbdefault\u00a0\u00bb border_width_all=\u00a0\u00bb22px\u00a0\u00bb border_color_all=\u00a0\u00bbRGBA(0,0,0,0)\u00a0\u00bb][\/et_pb_image][\/et_pb_column][\/et_pb_row][et_pb_row _builder_version=\u00a0\u00bb4.8.2&Prime; _module_preset=\u00a0\u00bbdefault\u00a0\u00bb][et_pb_column type=\u00a0\u00bb4_4&Prime; _builder_version=\u00a0\u00bb4.8.2&Prime; _module_preset=\u00a0\u00bbdefault\u00a0\u00bb][\/et_pb_column][\/et_pb_row][et_pb_row column_structure=\u00a0\u00bb3_5,2_5&Prime; _builder_version=\u00a0\u00bb4.8.2&Prime; _module_preset=\u00a0\u00bbdefault\u00a0\u00bb][et_pb_column type=\u00a0\u00bb3_5&Prime; _builder_version=\u00a0\u00bb4.8.2&Prime; _module_preset=\u00a0\u00bbdefault\u00a0\u00bb][et_pb_text _builder_version=\u00a0\u00bb4.8.2&Prime; _module_preset=\u00a0\u00bbdefault\u00a0\u00bb text_text_color=\u00a0\u00bb#FF2B2B\u00a0\u00bb text_font_size=\u00a0\u00bb24px\u00a0\u00bb text_line_height=\u00a0\u00bb1.8em\u00a0\u00bb module_alignment=\u00a0\u00bbleft\u00a0\u00bb]<\/p>\n<p><strong>ICART<\/strong><br \/> <strong> Etablissement d&rsquo;enseignement reconnu par le minist\u00e8re de la culture.<\/strong><\/p>\n<p>[\/et_pb_text][et_pb_text _builder_version=\u00a0\u00bb4.8.2&Prime; _module_preset=\u00a0\u00bbdefault\u00a0\u00bb text_font_size=\u00a0\u00bb16px\u00a0\u00bb]<\/p>\n<p style=\"text-align: justify;\">Parce qu\u2019un artiste doit savoir lire un contrat (juridique), connai\u0302tre les droits d\u2019auteurs (SACD, SACEM), apprendre comment s\u2019organise une tourne\u0301e de spectacles (logistique), comprendre la me\u0301thodologie de travail des me\u0301tiers de la culture (programmateurs, diffuseurs, directeurs de the\u0301a\u0302tre ou de festivals), e\u0301prouver les enjeux de la communication et posse\u0301der une vision globale de l\u2019e\u0301conomie du spectacle vivant (production), la formation professionnelle du Jeune The\u0301a\u0302tre du Corps a souhaite\u0301 s\u2019associer a\u0300 l\u2019ICART afin de be\u0301ne\u0301ficier de ses professeurs intervenants et pouvoir mettre en commun des projets avec les e\u0301tudiants (sous forme de simulation ou me\u0302me de manie\u0300re tre\u0300s concre\u0300te sur certaines actions culturelles a\u0300 inventer ensemble).<\/p>\n<p style=\"text-align: justify;\">Les futurs apprentis pourront ainsi rencontrer les e\u0301tudiants de l\u2019ICART, en tissant des liens avec les futurs acteurs de cet e\u0301cosyste\u0300me si singulier et en constante mutation qu\u2019est le monde de la culture. De ces e\u0301changes pourront nai\u0302tre une meilleure compre\u0301hension des enjeux et du de\u0301veloppement de la vie artistique ainsi que des habitudes de collaboration entre artistes et acteurs culturels de demain.<\/p>\n<p>[\/et_pb_text][\/et_pb_column][et_pb_column type=\u00a0\u00bb2_5&Prime; _builder_version=\u00a0\u00bb4.8.2&Prime; _module_preset=\u00a0\u00bbdefault\u00a0\u00bb][et_pb_image src=\u00a0\u00bbhttps:\/\/www.theatre-du-corps.com\/formation\/wp-content\/uploads\/2021\/02\/icart.jpg\u00a0\u00bb title_text=\u00a0\u00bbicart\u00a0\u00bb _builder_version=\u00a0\u00bb4.8.2&Prime; _module_preset=\u00a0\u00bbdefault\u00a0\u00bb border_width_all=\u00a0\u00bb22px\u00a0\u00bb border_color_all=\u00a0\u00bbRGBA(0,0,0,0)\u00a0\u00bb][\/et_pb_image][\/et_pb_column][\/et_pb_row][et_pb_row _builder_version=\u00a0\u00bb4.8.2&Prime; _module_preset=\u00a0\u00bbdefault\u00a0\u00bb][et_pb_column type=\u00a0\u00bb4_4&Prime; _builder_version=\u00a0\u00bb4.8.2&Prime; _module_preset=\u00a0\u00bbdefault\u00a0\u00bb][\/et_pb_column][\/et_pb_row][et_pb_row column_structure=\u00a0\u00bb3_5,2_5&Prime; _builder_version=\u00a0\u00bb4.8.2&Prime; _module_preset=\u00a0\u00bbdefault\u00a0\u00bb][et_pb_column type=\u00a0\u00bb3_5&Prime; _builder_version=\u00a0\u00bb4.8.2&Prime; _module_preset=\u00a0\u00bbdefault\u00a0\u00bb][et_pb_text _builder_version=\u00a0\u00bb4.8.2&Prime; _module_preset=\u00a0\u00bbdefault\u00a0\u00bb text_text_color=\u00a0\u00bb#FF2B2B\u00a0\u00bb text_font_size=\u00a0\u00bb24px\u00a0\u00bb module_alignment=\u00a0\u00bbleft\u00a0\u00bb]<\/p>\n<p><strong>CENTRE NATIONAL DE CRE\u0301ATION MUSICALE<\/strong><\/p>\n<p>[\/et_pb_text][et_pb_text _builder_version=\u00a0\u00bb4.8.2&Prime; _module_preset=\u00a0\u00bbdefault\u00a0\u00bb text_font_size=\u00a0\u00bb16px\u00a0\u00bb]<\/p>\n<p style=\"text-align: justify;\">La Muse en circuit, est une structure de cre\u0301ation et de diffusion centre\u0301e sur l\u2019innovation et l\u2019expe\u0301rimentation musicale et se consacre a\u0300 la diffusion d\u2019\u0153uvres artistiques pluridisciplinaires \u00ab sonores \u00bb au sens large, ainsi que celles englobant les nouvelles technologies. La Muse en circuit a collabore\u0301 sur plusieurs spectacles du The\u0301a\u0302tre du Corps : <em>Vivant<\/em>, <em>La Femme qui Danse<\/em>\u2026<\/p>\n<p style=\"text-align: justify;\">Les apprentis acce\u0300dent ici, a\u0300 un parcours d\u2019e\u0301ducation artistique ou\u0300 sont privile\u0301gie\u0301s le contact direct avec les \u0153uvres, avec les artistes ainsi que la pratique artistique. Ils de\u0301couvriront, a\u0300 travers une pe\u0301dagogie interactive, l\u2019inoui\u0308 de l\u2019e\u0301lectroacoustique et la vitalite\u0301 de ses compositions contemporaines.<\/p>\n<p>[\/et_pb_text][\/et_pb_column][et_pb_column type=\u00a0\u00bb2_5&Prime; _builder_version=\u00a0\u00bb4.8.2&Prime; _module_preset=\u00a0\u00bbdefault\u00a0\u00bb][et_pb_image src=\u00a0\u00bbhttps:\/\/www.theatre-du-corps.com\/formation\/wp-content\/uploads\/2021\/02\/LOGO-LMEC-1-2.png\u00a0\u00bb title_text=\u00a0\u00bbLOGO-LMEC-1-2&Prime; _builder_version=\u00a0\u00bb4.8.2&Prime; _module_preset=\u00a0\u00bbdefault\u00a0\u00bb border_width_all=\u00a0\u00bb22px\u00a0\u00bb border_color_all=\u00a0\u00bbRGBA(0,0,0,0)\u00a0\u00bb][\/et_pb_image][\/et_pb_column][\/et_pb_row][et_pb_row _builder_version=\u00a0\u00bb4.8.2&Prime; _module_preset=\u00a0\u00bbdefault\u00a0\u00bb][et_pb_column type=\u00a0\u00bb4_4&Prime; _builder_version=\u00a0\u00bb4.8.2&Prime; _module_preset=\u00a0\u00bbdefault\u00a0\u00bb][\/et_pb_column][\/et_pb_row][et_pb_row column_structure=\u00a0\u00bb3_5,2_5&Prime; _builder_version=\u00a0\u00bb4.8.2&Prime; _module_preset=\u00a0\u00bbdefault\u00a0\u00bb][et_pb_column type=\u00a0\u00bb3_5&Prime; _builder_version=\u00a0\u00bb4.8.2&Prime; _module_preset=\u00a0\u00bbdefault\u00a0\u00bb][et_pb_text _builder_version=\u00a0\u00bb4.9.4&Prime; _module_preset=\u00a0\u00bbdefault\u00a0\u00bb text_text_color=\u00a0\u00bb#FF2B2B\u00a0\u00bb text_font_size=\u00a0\u00bb24px\u00a0\u00bb module_alignment=\u00a0\u00bbleft\u00a0\u00bb hover_enabled=\u00a0\u00bb0&Prime; sticky_enabled=\u00a0\u00bb0&Prime;]<\/p>\n<p><strong>LE TH\u00c9\u00c2TRE-STUDIO<\/strong><\/p>\n<p>[\/et_pb_text][et_pb_text _builder_version=\u00a0\u00bb4.9.4&Prime; _module_preset=\u00a0\u00bbdefault\u00a0\u00bb text_font_size=\u00a0\u00bb16px\u00a0\u00bb hover_enabled=\u00a0\u00bb0&Prime; sticky_enabled=\u00a0\u00bb0&Prime;]<\/p>\n<p style=\"text-align: justify;\"><span>Le Th\u00e9\u00e2tre-Studio <\/span><span>est u<\/span><span>ne association d\u2019auteurs, de traducteurs, de metteurs en sc\u00e8ne, de com\u00e9diens, de techniciens, de \u00abpersonnes autour\u00bb soucieux d\u2019inventer des nouvelles formes, de repr\u00e9sentation, de production et de diffusion. <\/span><span>L\u2019espace du th\u00e9\u00e2tre est l\u2019espace o\u00f9 la soci\u00e9t\u00e9 se pense et se construit. <\/span><span>Le Th\u00e9\u00e2tre-Studio s\u2019inscrit d\u00e9lib\u00e9r\u00e9ment dans le tissu urbain, dans une volont\u00e9 de partage de ces liens fragiles et de l\u2019imaginaire, avec les hommes et les femmes qui r\u00e9sident sur le territoire o\u00f9 nous travaillons.<\/span><\/p>\n<p style=\"text-align: justify;\">Les apprentis vont pouvoir d\u00e9couvrir et rencontrer dans l&rsquo;intimit\u00e9 de ce lieu, des auteurs, des metteurs en sc\u00e8ne<span>, des com\u00e9diens et des techniciens en raport avec le th\u00e9\u00e2tre.\u00a0<\/span><span><\/span><\/p>\n<p style=\"text-align: justify;\"><span><\/span><\/p>\n<p style=\"text-align: justify;\"><span><\/span><\/p>\n<p style=\"text-align: justify;\"><span><\/span><\/p>\n<p style=\"text-align: justify;\"><span><\/span><\/p>\n<p>[\/et_pb_text][\/et_pb_column][et_pb_column type=\u00a0\u00bb2_5&Prime; _builder_version=\u00a0\u00bb4.8.2&Prime; _module_preset=\u00a0\u00bbdefault\u00a0\u00bb][et_pb_image src=\u00a0\u00bbhttps:\/\/www.theatre-du-corps.com\/formation\/wp-content\/uploads\/2021\/05\/theatre-studio.jpg\u00a0\u00bb title_text=\u00a0\u00bbtheatre studio\u00a0\u00bb _builder_version=\u00a0\u00bb4.9.4&Prime; _module_preset=\u00a0\u00bbdefault\u00a0\u00bb hover_enabled=\u00a0\u00bb0&Prime; border_width_all=\u00a0\u00bb22px\u00a0\u00bb border_color_all=\u00a0\u00bbRGBA(0,0,0,0)\u00a0\u00bb sticky_enabled=\u00a0\u00bb0&Prime;][\/et_pb_image][\/et_pb_column][\/et_pb_row][\/et_pb_section]<\/p>\n","protected":false},"excerpt":{"rendered":"<p>PartenairesUn r\u00e9seau de th\u00e9\u00e2tre et de lieux culturelsLe r\u00e9seau de th\u00e9\u00e2tres partenaires du CFA Pietragalla \u2013 Derouault permet aux apprentis de monter sur sc\u00e8ne, de rendre visible leur travail et de d\u00e9velopper des projets culturels en lien avec un territoire et sa population. D\u2019ores et d\u00e9j\u00e0 situ\u00e9s dans plusieurs r\u00e9gions en France, ces lieux \u00ab [&hellip;]<\/p>\n","protected":false},"author":1,"featured_media":0,"parent":0,"menu_order":0,"comment_status":"closed","ping_status":"closed","template":"","meta":{"_et_pb_use_builder":"on","_et_pb_old_content":"","_et_gb_content_width":"","footnotes":""},"class_list":["post-72","page","type-page","status-publish","hentry"],"_links":{"self":[{"href":"https:\/\/www.theatre-du-corps.com\/formation\/wp-json\/wp\/v2\/pages\/72","targetHints":{"allow":["GET"]}}],"collection":[{"href":"https:\/\/www.theatre-du-corps.com\/formation\/wp-json\/wp\/v2\/pages"}],"about":[{"href":"https:\/\/www.theatre-du-corps.com\/formation\/wp-json\/wp\/v2\/types\/page"}],"author":[{"embeddable":true,"href":"https:\/\/www.theatre-du-corps.com\/formation\/wp-json\/wp\/v2\/users\/1"}],"replies":[{"embeddable":true,"href":"https:\/\/www.theatre-du-corps.com\/formation\/wp-json\/wp\/v2\/comments?post=72"}],"version-history":[{"count":31,"href":"https:\/\/www.theatre-du-corps.com\/formation\/wp-json\/wp\/v2\/pages\/72\/revisions"}],"predecessor-version":[{"id":1012,"href":"https:\/\/www.theatre-du-corps.com\/formation\/wp-json\/wp\/v2\/pages\/72\/revisions\/1012"}],"wp:attachment":[{"href":"https:\/\/www.theatre-du-corps.com\/formation\/wp-json\/wp\/v2\/media?parent=72"}],"curies":[{"name":"wp","href":"https:\/\/api.w.org\/{rel}","templated":true}]}}